{"id":58,"date":"2022-04-15T07:09:47","date_gmt":"2022-04-15T07:09:47","guid":{"rendered":"https:\/\/abituria-or.de\/?page_id=58"},"modified":"2022-06-21T13:13:17","modified_gmt":"2022-06-21T12:13:17","slug":"darum-gehts","status":"publish","type":"page","link":"https:\/\/abituria-or.de\/?page_id=58","title":{"rendered":"Darum geht&#8217;s"},"content":{"rendered":"\n<h2 class=\"wp-block-heading\" id=\"block-9f3f3351-3b5a-4b87-91b8-10cf7e6afe82\">Freunde f\u00fcr&#8217;s Leben<\/h2>\n\n\n\n<p id=\"block-0eacca12-4798-4263-8bc7-ce08d0bb0d66\">Alle Abituren pflegen das bundesbr\u00fcderliche DU, unabh\u00e4ngig von Alter, Konfession, Beruf oder gesellschaftlichem Stand.<\/p>\n\n\n\n<p id=\"block-1a6193dc-3336-4d3e-8124-5ad1ded59807\">Auf dieser Basis begegnen sich Aktive (Sch\u00fcler) und Alte Herren (nach dem Abitur) offen, r\u00fccksichtsvoll, politisch und konfessionell frei mit der Bereitschaft voneinander zu lernen, sich zu unterst\u00fctzen und um von gegenseitigen Erfahrungen und Weltsichten zu profitieren.<\/p>\n\n\n\n<p id=\"block-8595eb5c-5775-4101-9987-73334e367633\">Unser Ziel ist es, die w\u00e4hrend der Schulzeit begonnene Freundschaft generations\u00fcbergreifend ein Leben lang zu pflegen und zu vertiefen.<\/p>\n\n\n\n<p id=\"block-073a4dc8-6cd5-47ad-bd1c-178ba9fc9c81\">Ein Pfeiler dieses Lebensbundprinzips ist es, insbesondere junge Bundesbr\u00fcder zu f\u00f6rdern, sei es auf dem Weg zum Abitur, bei der Erlangung von \u201esoft skills\u201c, der Steigerung des Selbstbewusstseins oder dem Wecken des Interesses am vielf\u00e4ltigen gesellschaftlichen Leben \u00fcber den eigenen Horizont hinaus.<\/p>\n\n\n\n<h2 class=\"wp-block-heading\" id=\"block-82749e4f-ef6a-41a0-82ba-dc0aa6850667\">Wahrheit suchen &#8211; Tugend \u00fcben<\/h2>\n\n\n\n<p id=\"block-d57b2012-e661-4492-9a89-a0e5e5107cce\">Abituren f\u00f6rdern und unterst\u00fctzen sich gegenseitig \u00fcber die Generationen hinweg, \u00fcben Toleranz und Hilfsbereitschaft, sind bereit, Verantwortung zu tragen und streben im freundschaftlichen Miteinander nach einer freien, starken Pers\u00f6nlichkeit.<\/p>\n\n\n\n<h2 class=\"wp-block-heading\" id=\"block-3ff8f1ad-bbef-404a-a2fa-d521287b66ad\">Heimat<\/h2>\n\n\n\n<p id=\"block-2b02c4b5-b5d0-4453-ac61-95db766f66a8\">Die Liebe zu unserer fr\u00e4nkischen Heimat, die Pflege von Kultur und Natur, der verantwortungsvolle Umgang mit Ressourcen und das Bekenntnis zu einer freiheitlichen demokratischen Grundordnung in Europa leiten unser Handeln.<\/p>\n\n\n\n<h2 class=\"wp-block-heading\" id=\"block-d63dd9a8-4b9d-4304-b6ea-91b6b5e30054\">Unsere Sch\u00fclerverbindung:<br>Freundschaft &#8211; ein Leben lang<\/h2>\n\n\n\n<p id=\"block-a49a240e-275d-4185-b97a-a682fd29f17b\">Die Abituria OR Bayreuth ist eine nichtschlagende Sch\u00fclerverbindung, gegr\u00fcndet am 27. September 1907, und setzt sich prim\u00e4r aus Sch\u00fclern und ehemaligen Sch\u00fclern des GMG und WWG zusammen. Auch Sch\u00fcler aller anderen Gymnasien und der FOS Bayreuth werden gerne aufgenommen. Damen sind zu vielen Veranstaltungen herzlich willkommen.<\/p>\n\n\n\n<p id=\"block-cbf85ae3-ea6a-4662-a86c-a8bccd7d13ca\">Freundschaft \u2013 generations\u00fcbergreifend, tolerant und immerw\u00e4hrend \u2013 ist das Fundament unserer Bundesbr\u00fcderlichkeit.<\/p>\n\n\n\n<h2 class=\"wp-block-heading\" id=\"block-02be9ae8-c3ac-474c-86f7-a3dd58612a4d\">Couleur<\/h2>\n\n\n\n<p id=\"block-e4b4d485-fb4f-401b-8e17-3cacf75f2d69\">Als \u00e4u\u00dferes Zeichen unserer Verbundenheit tragen wir bei Veranstaltungen die Farben schwarz \u2013 wei\u00df \u2013 gr\u00fcn.<\/p>\n\n\n\n<p><strong>Schwarz<\/strong> steht f\u00fcr die Verbundenheit mit unserer bayreuther Heimat.<\/p>\n\n\n\n<p><strong>Wei\u00df<\/strong> verk\u00f6rperte im manchmal etwas h\u00f6lzernen, traditionellen Sprachgebrauch der Abituria OR fr\u00fcher die \u201eReinheit der Ehre\u201c. Wir verstehen und leben diese Ehre heute als Aufrichtigkeit, Anstand, Toleranz und Weltoffenheit.<\/p>\n\n\n\n<p><strong>Gr\u00fcn<\/strong> verleiht der Hoffnung Ausdruck, dass die Abituria OR auf ewig bl\u00fchen und gedeihen m\u00f6ge.<\/p>\n\n\n\n<h2 class=\"wp-block-heading\" id=\"block-8c5f5f1d-793b-4f56-b71b-ce54563f707c\">Veranstaltungen<\/h2>\n\n\n\n<p id=\"block-624303d4-fc0f-435d-9a4f-3a95b9a74194\">Unsere Veranstaltungen sind breit aufgef\u00e4chert, wobei Stiftungsfest, Kneipen und Convente sicherlich das Zentrum bilden. Diese werden nach bestimmten Regeln, dem \u201eComment\u201c durchgef\u00fchrt. Diese Regeln sind abgeleitet aus freiheitlichen studentischen Traditionen. Sie werden von allen akademischen Verbindungen in \u00e4hnlicher Art und Weise zelebriert.<\/p>\n\n\n\n<p id=\"block-1779c335-4a27-49fe-a400-102c9d7f3daa\">Andere Formate, zu denen auch Frauen herzlich willkommen sind, sind das beliebte Felsenkellerwochenende f\u00fcr die ganze Familie, Weinfahrten, Opernbesuche, Weihnachtsfahrten, die Skifreizeit, Sport, Go-Kart-Fahren und viele weitere Events.<\/p>\n\n\n\n<p id=\"block-c4179822-b34a-433e-a50a-6f4c872c42d0\">Besuche bei \u201eAlten Herren\u201c in der ganzen Welt, Hilfe bei der Berufswahl und Kontakte mit anderen Verbindungen bilden eine weitere S\u00e4ule des freien Gedankenaustausches auf der Suche nach Ideen f\u00fcr den eigenen Lebensweg.<\/p>\n\n\n\n<p id=\"block-29fc1005-05d2-4713-b739-9184802a36a9\">Einzigartig ist unsere Veranstaltungsreihe: <a href=\"https:\/\/abituria-or.de\/?page_id=55\" target=\"_blank\" rel=\"noreferrer noopener\">\u201eAuf a Seidla mit..\u201c <\/a>&nbsp;<\/p>\n","protected":false},"excerpt":{"rendered":"<p>Freunde f\u00fcr&#8217;s Leben Alle Abituren pflegen das bundesbr\u00fcderliche DU, unabh\u00e4ngig von Alter, Konfession, Beruf oder gesellschaftlichem Stand. Auf dieser Basis begegnen sich Aktive (Sch\u00fcler) und Alte Herren (nach dem Abitur) offen, r\u00fccksichtsvoll, politisch und konfessionell frei mit der Bereitschaft voneinander zu lernen, sich zu unterst\u00fctzen und um von gegenseitigen Erfahrungen [&hellip;]<\/p>\n","protected":false},"author":1,"featured_media":0,"parent":0,"menu_order":0,"comment_status":"closed","ping_status":"closed","template":"","meta":{"ngg_post_thumbnail":0,"footnotes":""},"class_list":["post-58","page","type-page","status-publish","hentry"],"_links":{"self":[{"href":"https:\/\/abituria-or.de\/index.php?rest_route=\/wp\/v2\/pages\/58","targetHints":{"allow":["GET"]}}],"collection":[{"href":"https:\/\/abituria-or.de\/index.php?rest_route=\/wp\/v2\/pages"}],"about":[{"href":"https:\/\/abituria-or.de\/index.php?rest_route=\/wp\/v2\/types\/page"}],"author":[{"embeddable":true,"href":"https:\/\/abituria-or.de\/index.php?rest_route=\/wp\/v2\/users\/1"}],"replies":[{"embeddable":true,"href":"https:\/\/abituria-or.de\/index.php?rest_route=%2Fwp%2Fv2%2Fcomments&post=58"}],"version-history":[{"count":11,"href":"https:\/\/abituria-or.de\/index.php?rest_route=\/wp\/v2\/pages\/58\/revisions"}],"predecessor-version":[{"id":379,"href":"https:\/\/abituria-or.de\/index.php?rest_route=\/wp\/v2\/pages\/58\/revisions\/379"}],"wp:attachment":[{"href":"https:\/\/abituria-or.de\/index.php?rest_route=%2Fwp%2Fv2%2Fmedia&parent=58"}],"curies":[{"name":"wp","href":"https:\/\/api.w.org\/{rel}","templated":true}]}}